{"id":395,"date":"2010-08-31T10:25:59","date_gmt":"2010-08-31T08:25:59","guid":{"rendered":"http:\/\/www.ekimeissenheim.de\/?page_id=395"},"modified":"2023-09-19T10:17:49","modified_gmt":"2023-09-19T08:17:49","slug":"kindergarten","status":"publish","type":"page","link":"https:\/\/www.ekimeissenheim.de\/?page_id=395","title":{"rendered":"Kinderg\u00e4rten"},"content":{"rendered":"<p><strong>Kindergarten Arche Noah in Mei\u00dfenheim<br \/>\n<\/strong>Leitung: Martina Goldammer<br \/>\nAnschrift: 77974 Mei\u00dfenheim, Kirchstra\u00dfe 10<br \/>\nTelefon: <a href=\"tel:+4978241804\">+49 (0) 7824 1804<\/a><br \/>\nFax: <a href=\"fax:+4978246623821\">+49 (0) 7824 6623821<\/a><em><a href=\"http:\/\/www.ekimeissenheim.de\/wp-content\/uploads\/Bild-Kindergarten.jpg\"><img loading=\"lazy\" decoding=\"async\" class=\"alignleft wp-image-5296\" src=\"http:\/\/www.ekimeissenheim.de\/wp-content\/uploads\/Bild-Kindergarten-1024x768.jpg\" alt=\"\" width=\"513\" height=\"385\" srcset=\"https:\/\/www.ekimeissenheim.de\/wp-content\/uploads\/Bild-Kindergarten-1024x768.jpg 1024w, https:\/\/www.ekimeissenheim.de\/wp-content\/uploads\/Bild-Kindergarten-300x225.jpg 300w, https:\/\/www.ekimeissenheim.de\/wp-content\/uploads\/Bild-Kindergarten-768x576.jpg 768w\" sizes=\"auto, (max-width: 513px) 100vw, 513px\" \/><\/a><\/em><\/p>\n<p>&nbsp;<\/p>\n<p>&nbsp;<\/p>\n<p>&nbsp;<\/p>\n<p>&nbsp;<\/p>\n<p>&nbsp;<\/p>\n<p>&nbsp;<\/p>\n<p>&nbsp;<\/p>\n<p>&nbsp;<\/p>\n<p><strong>Kindergarten Kunterbunt in K\u00fcrzell<br \/>\n<\/strong>Leitung: Vanessa Meier<br \/>\nAnschrift: 77974 Mei\u00dfenheim, K\u00fcrzeller Oberdorfstra\u00dfe 19<br \/>\nTelefon: <a href=\"tel:+497824663754\">+49 (0) 7824 663754<\/a><br \/>\nFax: <a href=\"fax:+ 497824663754\">+ 49 (0) 7824 663754<img loading=\"lazy\" decoding=\"async\" class=\" wp-image-5013\" src=\"http:\/\/www.ekimeissenheim.de\/wp-content\/uploads\/KiGa-K\u00fcrzell-neuer-Zaun-Einweihung-2018-03.jpg\" alt=\"\" width=\"521\" height=\"348\" srcset=\"https:\/\/www.ekimeissenheim.de\/wp-content\/uploads\/KiGa-K\u00fcrzell-neuer-Zaun-Einweihung-2018-03.jpg 1000w, https:\/\/www.ekimeissenheim.de\/wp-content\/uploads\/KiGa-K\u00fcrzell-neuer-Zaun-Einweihung-2018-03-300x200.jpg 300w, https:\/\/www.ekimeissenheim.de\/wp-content\/uploads\/KiGa-K\u00fcrzell-neuer-Zaun-Einweihung-2018-03-768x512.jpg 768w\" sizes=\"auto, (max-width: 521px) 100vw, 521px\" \/><\/a><\/p>\n","protected":false},"excerpt":{"rendered":"<p>Kindergarten Arche Noah in Mei\u00dfenheim Leitung: Martina Goldammer Anschrift: 77974 Mei\u00dfenheim, Kirchstra\u00dfe 10 Telefon: +49 (0) 7824 1804 Fax: +49 (0) 7824 6623821 &nbsp; &nbsp; &nbsp; &nbsp; &nbsp; &nbsp; &nbsp; &nbsp; Kindergarten Kunterbunt in K\u00fcrzell Leitung: Vanessa Meier Anschrift: 77974 &hellip; <a href=\"https:\/\/www.ekimeissenheim.de\/?page_id=395\">Weiterlesen <span class=\"meta-nav\">&rarr;<\/span><\/a><\/p>\n","protected":false},"author":2,"featured_media":0,"parent":0,"menu_order":0,"comment_status":"open","ping_status":"open","template":"","meta":{"ngg_post_thumbnail":0,"footnotes":""},"class_list":["post-395","page","type-page","status-publish","hentry"],"_links":{"self":[{"href":"https:\/\/www.ekimeissenheim.de\/index.php?rest_route=\/wp\/v2\/pages\/395","targetHints":{"allow":["GET"]}}],"collection":[{"href":"https:\/\/www.ekimeissenheim.de\/index.php?rest_route=\/wp\/v2\/pages"}],"about":[{"href":"https:\/\/www.ekimeissenheim.de\/index.php?rest_route=\/wp\/v2\/types\/page"}],"author":[{"embeddable":true,"href":"https:\/\/www.ekimeissenheim.de\/index.php?rest_route=\/wp\/v2\/users\/2"}],"replies":[{"embeddable":true,"href":"https:\/\/www.ekimeissenheim.de\/index.php?rest_route=%2Fwp%2Fv2%2Fcomments&post=395"}],"version-history":[{"count":9,"href":"https:\/\/www.ekimeissenheim.de\/index.php?rest_route=\/wp\/v2\/pages\/395\/revisions"}],"predecessor-version":[{"id":8015,"href":"https:\/\/www.ekimeissenheim.de\/index.php?rest_route=\/wp\/v2\/pages\/395\/revisions\/8015"}],"wp:attachment":[{"href":"https:\/\/www.ekimeissenheim.de\/index.php?rest_route=%2Fwp%2Fv2%2Fmedia&parent=395"}],"curies":[{"name":"wp","href":"https:\/\/api.w.org\/{rel}","templated":true}]}}