{"id":269,"date":"2010-08-26T11:15:54","date_gmt":"2010-08-26T09:15:54","guid":{"rendered":"http:\/\/www.ekimeissenheim.de\/?page_id=269"},"modified":"2019-01-29T12:46:52","modified_gmt":"2019-01-29T10:46:52","slug":"posaunenchor-meisenheim","status":"publish","type":"page","link":"https:\/\/www.ekimeissenheim.de\/?page_id=269","title":{"rendered":"Posaunenchor Mei\u00dfenheim"},"content":{"rendered":"<p><a href=\"http:\/\/www.ekimeissenheim.de\/wp-content\/uploads\/Posaunenchor-2009.jpg\"><img loading=\"lazy\" decoding=\"async\" class=\"alignleft size-full wp-image-494\" title=\"Posaunenchor 2009\" src=\"http:\/\/www.ekimeissenheim.de\/wp-content\/uploads\/Posaunenchor-2009.jpg\" alt=\"Posaunenchor im Pfarrgarten 2009\" width=\"768\" height=\"386\" srcset=\"https:\/\/www.ekimeissenheim.de\/wp-content\/uploads\/Posaunenchor-2009.jpg 768w, https:\/\/www.ekimeissenheim.de\/wp-content\/uploads\/Posaunenchor-2009-300x150.jpg 300w\" sizes=\"auto, (max-width: 768px) 100vw, 768px\" \/><\/a><br \/>\nUnter der bew\u00e4hrten Leitung von G\u00fcnther W\u00e4ldin bringt der Posaunenchor eine beeindruckende Leistung, die immer wieder in Gottesdiensten zu erleben ist.<\/p>\n<p><strong>Die Probe der Bl\u00e4serinnen und Bl\u00e4ser ist am Dienstag um 20.00 Uhr im Evangelischen Gemeindehaus. Interessentinnen und Interessenten sind herzlich willkommen.<\/strong><\/p>\n<p>Kinder und Jugendliche sind eingeladen, ein Instrument zu erlernen. Die Jungbl\u00e4serausbildung hat ein gro\u00dfes Gewicht in der Arbeit von G\u00fcnther W\u00e4ldin. Dabei wird er unterst\u00fctzt von seiner Tochter Sandra N\u00fcckles.<\/p>\n<p>In der Leitung des Posaunenchores wirken mit:<br \/>\nG\u00fcnther W\u00e4ldin (Dirigent) Sandra N\u00fcckles, Thomas Zeller (Obfrau, Obmann), Frieder G\u00e4\u00dfler Schriftf\u00fchrer<\/p>\n<p>Auf der Homepage des Posaunenchores k\u00f6nnen Sie noch mehr erfahren: Siehe unter &#8222;Links&#8220;.<\/p>\n<p><strong>Gratulation f\u00fcr G\u00fcnter W\u00e4ldin<\/strong><br \/>\nG\u00fcnter W\u00e4ldin unterzog sich einer m\u00fchevollen Ausbildung und hat diese nun mit Erfolg abgeschlossen. Die Bl\u00e4serinnen und Bl\u00e4ser freuen sich mit ihrem Dirigenten \u00fcber die bestandenen C-Pr\u00fcfung in Kirchenmusik.<\/p>\n<div id='gallery-1' class='gallery galleryid-269 gallery-columns-2 gallery-size-thumbnail'><dl class='gallery-item'>\n\t\t\t<dt class='gallery-icon landscape'>\n\t\t\t\t<a href='https:\/\/www.ekimeissenheim.de\/wp-content\/uploads\/Posaunenchor-2009.jpg'><img loading=\"lazy\" decoding=\"async\" width=\"150\" height=\"150\" src=\"https:\/\/www.ekimeissenheim.de\/wp-content\/uploads\/Posaunenchor-2009-150x150.jpg\" class=\"attachment-thumbnail size-thumbnail\" alt=\"Posaunenchor im Pfarrgarten 2009\" \/><\/a>\n\t\t\t<\/dt><\/dl>\n\t\t\t<br style='clear: both' \/>\n\t\t<\/div>\n\n","protected":false},"excerpt":{"rendered":"<p>Unter der bew\u00e4hrten Leitung von G\u00fcnther W\u00e4ldin bringt der Posaunenchor eine beeindruckende Leistung, die immer wieder in Gottesdiensten zu erleben ist. Die Probe der Bl\u00e4serinnen und Bl\u00e4ser ist am Dienstag um 20.00 Uhr im Evangelischen Gemeindehaus. Interessentinnen und Interessenten sind &hellip; <a href=\"https:\/\/www.ekimeissenheim.de\/?page_id=269\">Weiterlesen <span class=\"meta-nav\">&rarr;<\/span><\/a><\/p>\n","protected":false},"author":2,"featured_media":0,"parent":258,"menu_order":0,"comment_status":"open","ping_status":"open","template":"","meta":{"ngg_post_thumbnail":0,"footnotes":""},"class_list":["post-269","page","type-page","status-publish","hentry"],"_links":{"self":[{"href":"https:\/\/www.ekimeissenheim.de\/index.php?rest_route=\/wp\/v2\/pages\/269","targetHints":{"allow":["GET"]}}],"collection":[{"href":"https:\/\/www.ekimeissenheim.de\/index.php?rest_route=\/wp\/v2\/pages"}],"about":[{"href":"https:\/\/www.ekimeissenheim.de\/index.php?rest_route=\/wp\/v2\/types\/page"}],"author":[{"embeddable":true,"href":"https:\/\/www.ekimeissenheim.de\/index.php?rest_route=\/wp\/v2\/users\/2"}],"replies":[{"embeddable":true,"href":"https:\/\/www.ekimeissenheim.de\/index.php?rest_route=%2Fwp%2Fv2%2Fcomments&post=269"}],"version-history":[{"count":11,"href":"https:\/\/www.ekimeissenheim.de\/index.php?rest_route=\/wp\/v2\/pages\/269\/revisions"}],"predecessor-version":[{"id":5406,"href":"https:\/\/www.ekimeissenheim.de\/index.php?rest_route=\/wp\/v2\/pages\/269\/revisions\/5406"}],"up":[{"embeddable":true,"href":"https:\/\/www.ekimeissenheim.de\/index.php?rest_route=\/wp\/v2\/pages\/258"}],"wp:attachment":[{"href":"https:\/\/www.ekimeissenheim.de\/index.php?rest_route=%2Fwp%2Fv2%2Fmedia&parent=269"}],"curies":[{"name":"wp","href":"https:\/\/api.w.org\/{rel}","templated":true}]}}