{"id":1286,"date":"2011-11-16T12:05:27","date_gmt":"2011-11-16T10:05:27","guid":{"rendered":"http:\/\/www.ekimeissenheim.de\/?page_id=1286"},"modified":"2023-06-12T11:59:19","modified_gmt":"2023-06-12T09:59:19","slug":"kindergarten-kunterbunt-kurzell","status":"publish","type":"page","link":"https:\/\/www.ekimeissenheim.de\/?page_id=1286","title":{"rendered":"Kindergarten &#8222;Kunterbunt&#8220; K\u00fcrzell"},"content":{"rendered":"<div>\n<h3 style=\"text-align: left;\" align=\"center\"><strong><span style=\"color: #0070c0; font-family: Calibri,sans-serif;\"><a href=\"http:\/\/www.ekimeissenheim.de\/wp-content\/uploads\/KiGa-K\u00fcrzell-Logo.jpg\"><img loading=\"lazy\" decoding=\"async\" class=\"alignleft  wp-image-4069\" src=\"http:\/\/www.ekimeissenheim.de\/wp-content\/uploads\/KiGa-K\u00fcrzell-Logo.jpg\" alt=\"\" width=\"212\" height=\"131\"><\/a><\/span><\/strong><strong>Jedes Kind besitzt eine H\u00fclle, die mit Erfahrungen und Erlebnissen gef\u00fcllt werden m\u00f6chten.<\/strong><\/h3>\n<p>&nbsp;<\/p>\n<p><strong>Wir\u2026<\/strong><br \/>\n&#8230; f\u00f6rdern jedes Kind individuell<br \/>\n\u2026 akzeptieren die St\u00e4rken und die Schw\u00e4chen jedes Kindes<br \/>\n&#8230; leben und respektieren die Herkunft, Religion und Kultur jedes Kindes<br \/>\n\u2026 nehmen jedes Kind als eigenst\u00e4ndige Person wahr<\/p>\n<\/div>\n<p>Unsere evangelische <strong>Bildungseinrichtung \u201eKunterbunt\u201c<\/strong> ist ein Haus mit unterschiedlichen Bildungsinseln auf zwei Stockwerken. Hierdurch besteht die M\u00f6glichkeit, den individuellen Interessen des einzelnen Kindes gerecht zu werden, in denen sie sich frei entfalten k\u00f6nnen. Der Kindergarten betreut Kinder im Alter von zwei bis sechs Jahren.<\/p>\n<p>Unsere p\u00e4dagogischen Auftrag sehen wir in der Umsetzung des Orientierungsplans f\u00fcr Bildung und Erziehung. Diesen setzen wir durch das \u201einfans\u201c Handlungskonzept um. Das \u201einfans\u201c Konzept ist ein Praxisleitfaden, der seinen Schwerpunkt auf die Eigenaktivit\u00e4ten der Kinder legt. In unserer Einrichtung werden regelm\u00e4\u00dfig Beobachtungen jedes einzelnen Kindes nach \u201einfans\u201c durchgef\u00fchrt. Somit k\u00f6nnen wir die Themen der Kinder herausfinden und in individuellen Angeboten und Projekten beantworten.<\/p>\n<p>Jedes Kind hat bei uns ein eigenes Portfolio, in dem die Entwicklungsschritte und Themen der Kinder festgehalten und dokumentiert werden.<\/p>\n<p>Zus\u00e4tzlich legen wir darauf Wert, den Kindern zentrierte Themen aus dem Kirchenjahr zu vermitteln und sehen uns als Partner f\u00fcr Eltern, Familie und der Kirche. Wir m\u00f6chten unseren christlichen Glauben in unserem t\u00e4glichen Alltag erleben. Dies geschieht z.B. durch religi\u00f6se Lieder,&nbsp; biblische Geschichten, Tischgebete, \u2026<\/p>\n<p>Bei Fragen oder f\u00fcr weitere Informationen stehen wir Ihnen gerne zur Verf\u00fcgung (Tel. 07824-663 754).<\/p>\n<p>Die Betreuungszeiten und die Betreuungsentgelte finden sie auf der Homepage der Politischen Gemeinde: meissenheim.de (Bildung &amp; Soziales &#8211;&gt;Kinderg\u00e4rten)<\/p>\n<p>&nbsp;<\/p>\n","protected":false},"excerpt":{"rendered":"<p>Jedes Kind besitzt eine H\u00fclle, die mit Erfahrungen und Erlebnissen gef\u00fcllt werden m\u00f6chten. &nbsp; Wir\u2026 &#8230; f\u00f6rdern jedes Kind individuell \u2026 akzeptieren die St\u00e4rken und die Schw\u00e4chen jedes Kindes &#8230; leben und respektieren die Herkunft, Religion und Kultur jedes Kindes &hellip; <a href=\"https:\/\/www.ekimeissenheim.de\/?page_id=1286\">Weiterlesen <span class=\"meta-nav\">&rarr;<\/span><\/a><\/p>\n","protected":false},"author":2,"featured_media":0,"parent":395,"menu_order":0,"comment_status":"open","ping_status":"open","template":"","meta":{"ngg_post_thumbnail":0,"footnotes":""},"class_list":["post-1286","page","type-page","status-publish","hentry"],"_links":{"self":[{"href":"https:\/\/www.ekimeissenheim.de\/index.php?rest_route=\/wp\/v2\/pages\/1286","targetHints":{"allow":["GET"]}}],"collection":[{"href":"https:\/\/www.ekimeissenheim.de\/index.php?rest_route=\/wp\/v2\/pages"}],"about":[{"href":"https:\/\/www.ekimeissenheim.de\/index.php?rest_route=\/wp\/v2\/types\/page"}],"author":[{"embeddable":true,"href":"https:\/\/www.ekimeissenheim.de\/index.php?rest_route=\/wp\/v2\/users\/2"}],"replies":[{"embeddable":true,"href":"https:\/\/www.ekimeissenheim.de\/index.php?rest_route=%2Fwp%2Fv2%2Fcomments&post=1286"}],"version-history":[{"count":9,"href":"https:\/\/www.ekimeissenheim.de\/index.php?rest_route=\/wp\/v2\/pages\/1286\/revisions"}],"predecessor-version":[{"id":7868,"href":"https:\/\/www.ekimeissenheim.de\/index.php?rest_route=\/wp\/v2\/pages\/1286\/revisions\/7868"}],"up":[{"embeddable":true,"href":"https:\/\/www.ekimeissenheim.de\/index.php?rest_route=\/wp\/v2\/pages\/395"}],"wp:attachment":[{"href":"https:\/\/www.ekimeissenheim.de\/index.php?rest_route=%2Fwp%2Fv2%2Fmedia&parent=1286"}],"curies":[{"name":"wp","href":"https:\/\/api.w.org\/{rel}","templated":true}]}}